{"id":4408,"date":"2022-01-31T04:39:34","date_gmt":"2022-01-31T04:39:34","guid":{"rendered":"http:\/\/www.svu.edu.eg\/faculties\/agr\/?page_id=4408"},"modified":"2022-01-31T04:40:46","modified_gmt":"2022-01-31T04:40:46","slug":"reglement-dadmission-des-etudiants","status":"publish","type":"page","link":"https:\/\/www.svu.edu.eg\/faculties\/agr\/fr\/reglement-dadmission-des-etudiants\/","title":{"rendered":"R\u00e8glement d&#8217;admission des \u00e9tudiants"},"content":{"rendered":"<div class=\"translation-box\">\n<div class=\"translation-box-wrapper box-position-wrapper\">\n<div class=\"translation-inputs\">\n<div class=\"translation-input translation-input__target content-box-wrapper translation-input--ltr\">\n<div class=\"translation-input__main translation-input__result\">\n<div class=\"sentence-wrapper\"><span class=\"sentence-wrapper_without-hover\"><span style=\"font-size: 14pt;\">\u00c0 la fin de chaque ann\u00e9e universitaire, le Conseil sup\u00e9rieur des universit\u00e9s d\u00e9termine le nombre d\u2019\u00e9tudiants de la R\u00e9publique arabe d\u2019\u00c9gypte admis dans chaque facult\u00e9 ou institut au cours de l\u2019ann\u00e9e universitaire suivante qui ont obtenu un dipl\u00f4me secondaire g\u00e9n\u00e9ral ou un dipl\u00f4me \u00e9quivalent sur proposition de l\u2019universit\u00e9 conseils.<\/span><br \/>\n<\/span><\/div>\n<div><span style=\"font-size: 14pt;\">Sous r\u00e9serve des conditions d\u2019admission \u00e0 chaque coll\u00e8ge, le Conseil sup\u00e9rieur des universit\u00e9s d\u00e9termine le nombre d\u2019\u00e9tudiants qui ne sont pas membres de la R\u00e9publique arabe d\u2019\u00c9gypte. Le nombre d\u2019\u00e9tudiants admis est fix\u00e9 par d\u00e9cision du ministre de l\u2019Enseignement sup\u00e9rieur.<\/span><\/div>\n<div><span class=\"ng-star-inserted\" style=\"font-size: 14pt;\"><strong>Les \u00e9tudiants sont tenus de s\u2019inscrire \u00e0 l\u2019Universit\u00e9 pour un dipl\u00f4me d&#8217;\u00e9tudes sup\u00e9rieures:<\/strong><br \/>\n\u2022 Avoir un certificat d\u2019enseignement secondaire g\u00e9n\u00e9ral ou son \u00e9quivalent et \u00eatre admis par ordre de r\u00e9ussite, en tenant compte de la r\u00e9partition g\u00e9ographique approuv\u00e9e par le Conseil sup\u00e9rieur des universit\u00e9s.<br \/>\n\u2022 L\u2019examen m\u00e9dical doit prouver qu\u2019il est exempt de maladies infectieuses et qu\u2019il est comp\u00e9tent pour poursuivre l\u2019\u00e9tude pour laquelle il est appliqu\u00e9 conform\u00e9ment aux r\u00e8gles \u00e9tablies par le Conseil sup\u00e9rieur des universit\u00e9s et des conseils d\u2019administration des facult\u00e9s.<br \/>\n\u2022 Un \u00e9tudiant ne peut \u00eatre inscrit dans plus d\u2019une facult\u00e9 \u00e0 la fois.<br \/>\nLes \u00e9tudiants titulaires d\u2019une licence ou d\u2019un dipl\u00f4me \u00e9quivalent peuvent \u00eatre admis dans d\u2019autres d\u00e9partements ou divisions du m\u00eame coll\u00e8ge dans les conditions pr\u00e9vues par les r\u00e8glements des facult\u00e9s.<\/span><\/div>\n<\/div>\n<div class=\"translation-input__bottom_controls\">\n<div><\/div>\n<\/div>\n<\/div>\n<\/div>\n<\/div>\n<div class=\"box-position-wrapper box-position-wrapper__footer\"><\/div>\n<\/div>\n<div class=\"content-box\">\n<div class=\"box-position-wrapper\"><\/div>\n<\/div>\n","protected":false},"excerpt":{"rendered":"<p>\u00c0 la fin de chaque ann\u00e9e universitaire, le Conseil sup\u00e9rieur des universit\u00e9s d\u00e9termine le nombre d\u2019\u00e9tudiants de la R\u00e9publique arabe d\u2019\u00c9gypte admis dans chaque facult\u00e9 ou institut au cours de [&hellip;]<\/p>\n","protected":false},"author":2,"featured_media":0,"parent":0,"menu_order":0,"comment_status":"closed","ping_status":"closed","template":"","meta":{"footnotes":""},"class_list":["post-4408","page","type-page","status-publish","hentry","post"],"jetpack-related-posts":[],"jetpack_sharing_enabled":true,"_links":{"self":[{"href":"https:\/\/www.svu.edu.eg\/faculties\/agr\/wp-json\/wp\/v2\/pages\/4408","targetHints":{"allow":["GET"]}}],"collection":[{"href":"https:\/\/www.svu.edu.eg\/faculties\/agr\/wp-json\/wp\/v2\/pages"}],"about":[{"href":"https:\/\/www.svu.edu.eg\/faculties\/agr\/wp-json\/wp\/v2\/types\/page"}],"author":[{"embeddable":true,"href":"https:\/\/www.svu.edu.eg\/faculties\/agr\/wp-json\/wp\/v2\/users\/2"}],"replies":[{"embeddable":true,"href":"https:\/\/www.svu.edu.eg\/faculties\/agr\/wp-json\/wp\/v2\/comments?post=4408"}],"version-history":[{"count":3,"href":"https:\/\/www.svu.edu.eg\/faculties\/agr\/wp-json\/wp\/v2\/pages\/4408\/revisions"}],"predecessor-version":[{"id":4411,"href":"https:\/\/www.svu.edu.eg\/faculties\/agr\/wp-json\/wp\/v2\/pages\/4408\/revisions\/4411"}],"wp:attachment":[{"href":"https:\/\/www.svu.edu.eg\/faculties\/agr\/wp-json\/wp\/v2\/media?parent=4408"}],"curies":[{"name":"wp","href":"https:\/\/api.w.org\/{rel}","templated":true}]}}