{"id":4519,"date":"2022-02-02T20:07:53","date_gmt":"2022-02-02T20:07:53","guid":{"rendered":"http:\/\/www.svu.edu.eg\/faculties\/agr\/?page_id=4519"},"modified":"2022-02-02T20:07:57","modified_gmt":"2022-02-02T20:07:57","slug":"comite-dethique-de-la-recherche-scientifique","status":"publish","type":"page","link":"http:\/\/www.svu.edu.eg\/faculties\/agr\/fr\/comite-dethique-de-la-recherche-scientifique\/","title":{"rendered":"Comit\u00e9 d\u2019\u00e9thique de la recherche scientifique"},"content":{"rendered":"","protected":false},"excerpt":{"rendered":"","protected":false},"author":2,"featured_media":0,"parent":0,"menu_order":0,"comment_status":"closed","ping_status":"closed","template":"","meta":[],"jetpack_sharing_enabled":true,"jetpack-related-posts":[{"id":4465,"url":"http:\/\/www.svu.edu.eg\/faculties\/agr\/fr\/secteur-du-service-communautaire-et-le-developpement-environnemental\/administration-des-crises-et-des-catastrophes\/","url_meta":{"origin":4519,"position":0},"title":"Administration des crises et des catastrophes","author":"omar","date":"\u0641\u0628\u0631\u0627\u064a\u0631 1, 2022","format":false,"excerpt":"L\u2019id\u00e9e de cr\u00e9er une unit\u00e9 : Prot\u00e9ger l\u2019ensemble des installations de la facult\u00e9 contre les salles de cours, les laboratoires et\u00a0 les biblioth\u00e8ques , ainsi que tout le contenu de ces installations contre l\u2019\u00e9quipement scientifique et de laboratoire, les livres, la recherche, les documents et divers outils. Vision\u00a0: D\u00e9velopper la\u2026","rel":"","context":"\u062a\u062f\u0648\u064a\u0646\u0629 \u0645\u0634\u0627\u0628\u0647\u0629","block_context":{"text":"\u062a\u062f\u0648\u064a\u0646\u0629 \u0645\u0634\u0627\u0628\u0647\u0629","link":""},"img":{"alt_text":"","src":"","width":0,"height":0},"classes":[]},{"id":4420,"url":"http:\/\/www.svu.edu.eg\/faculties\/agr\/fr\/communaute-scientifique\/","url_meta":{"origin":4519,"position":1},"title":"Communaut\u00e9 scientifique","author":"omar","date":"\u064a\u0646\u0627\u064a\u0631 31, 2022","format":false,"excerpt":"Le conseil de la facult\u00e9 compos\u00e9e de membres du corps professoral aux d\u00e9partements acad\u00e9mique participant \u00e0 un seul programme a form\u00e9 des \"services scientifiques\" internes, avec un maximum de deux membres de chaque d\u00e9partement. T\u00e2ches de communaut\u00e9 scientifique Les cours et toutes les questions p\u00e9dagogiques relatives \u00e0 ce programme leur\u2026","rel":"","context":"\u062a\u062f\u0648\u064a\u0646\u0629 \u0645\u0634\u0627\u0628\u0647\u0629","block_context":{"text":"\u062a\u062f\u0648\u064a\u0646\u0629 \u0645\u0634\u0627\u0628\u0647\u0629","link":""},"img":{"alt_text":"","src":"","width":0,"height":0},"classes":[]},{"id":4445,"url":"http:\/\/www.svu.edu.eg\/faculties\/agr\/fr\/secteur-des-etudes-superieures-et-de-la-recherche\/dates-dinscription\/","url_meta":{"origin":4519,"position":2},"title":"Dates d\u2019inscription","author":"omar","date":"\u0641\u0628\u0631\u0627\u064a\u0631 1, 2022","format":false,"excerpt":"Les \u00e9tudiants postulent une ma\u00eetrise en recherche et un doctorat en philosophie deux fois par ann\u00e9e au cours de la premi\u00e8re moiti\u00e9 d\u2019ao\u00fbt et au cours de d\u00e9cembre. L\u2019\u00e9tudiant, avec l\u2019aide du Comit\u00e9 de supervision et dans les d\u00e9lais requis pour la mise en \u0153uvre, pr\u00e9pare le plan de recherche\u2026","rel":"","context":"\u062a\u062f\u0648\u064a\u0646\u0629 \u0645\u0634\u0627\u0628\u0647\u0629","block_context":{"text":"\u062a\u062f\u0648\u064a\u0646\u0629 \u0645\u0634\u0627\u0628\u0647\u0629","link":""},"img":{"alt_text":"","src":"","width":0,"height":0},"classes":[]},{"id":4388,"url":"http:\/\/www.svu.edu.eg\/faculties\/agr\/fr\/vision-et-mission-du-departement-de-protection-phytosanitaire\/","url_meta":{"origin":4519,"position":3},"title":"Vision et Mission du d\u00e9partement de protection phytosanitaire","author":"omar","date":"\u064a\u0646\u0627\u064a\u0631 29, 2022","format":false,"excerpt":"Vision du d\u00e9partement D\u00e9partement de la protection phytosanitaire cherche \u00e0 devenir un d\u00e9partement scientifique de premier plan et distingu\u00e9 dans le domaine de l\u2019\u00e9ducation, de la recherche scientifique, du service communautaire et de la protection de l\u2019environnement par les membres du corps professoral, les \u00e9tudiants des \u00e9tudes sup\u00e9rieures et dipl\u00f4m\u00e9s\u2026","rel":"","context":"\u062a\u062f\u0648\u064a\u0646\u0629 \u0645\u0634\u0627\u0628\u0647\u0629","block_context":{"text":"\u062a\u062f\u0648\u064a\u0646\u0629 \u0645\u0634\u0627\u0628\u0647\u0629","link":""},"img":{"alt_text":"","src":"","width":0,"height":0},"classes":[]},{"id":2643,"url":"http:\/\/www.svu.edu.eg\/faculties\/agr\/fr\/secteur-des-etudes-superieures-et-de-la-recherche\/","url_meta":{"origin":4519,"position":4},"title":"\u00c9tudes sup\u00e9rieures et Recherches","author":"omar","date":"\u064a\u0646\u0627\u064a\u0631 30, 2022","format":false,"excerpt":"Vice- doyen des \u00e9tudes sup\u00e9rieures et de la recherche supervise le secteurLe secteur se compose de cinq d\u00e9partements:1- \u00c9tudes sup\u00e9rieures2-Recherches3- Relations publiques4-Revue5-Bibloth\u00e8queObjectifs du secteurPr\u00e9parer des cadres scientifiques capables de mener des recherches scientifiques dans diff\u00e9rents domaines agricoles.Pr\u00e9parer des cadres de recherche pour les dipl\u00f4mes, les ma\u00eetrises et les doctorats.Am\u00e9liorer les\u2026","rel":"","context":"\u062a\u062f\u0648\u064a\u0646\u0629 \u0645\u0634\u0627\u0628\u0647\u0629","block_context":{"text":"\u062a\u062f\u0648\u064a\u0646\u0629 \u0645\u0634\u0627\u0628\u0647\u0629","link":""},"img":{"alt_text":"","src":"","width":0,"height":0},"classes":[]},{"id":2646,"url":"http:\/\/www.svu.edu.eg\/faculties\/agr\/fr\/secteur-du-service-communautaire-et-le-developpement-environnemental\/","url_meta":{"origin":4519,"position":5},"title":"Service communautaire et D\u00e9veloppement environnemental","author":"omar","date":"\u0641\u0628\u0631\u0627\u064a\u0631 1, 2022","format":false,"excerpt":"Objectifs du secteur * Renforcement des relations entre la facult\u00e9 et les \u00e9tablissements agricoles dans le domaine de la recherche scientifique. * Activation du r\u00f4le des unit\u00e9s et des centres de services communautaires et de marketing \u00e0 la facult\u00e9. * Sensibilisation au service communautaire de la facult\u00e9 gr\u00e2ce \u00e0 la\u2026","rel":"","context":"\u062a\u062f\u0648\u064a\u0646\u0629 \u0645\u0634\u0627\u0628\u0647\u0629","block_context":{"text":"\u062a\u062f\u0648\u064a\u0646\u0629 \u0645\u0634\u0627\u0628\u0647\u0629","link":""},"img":{"alt_text":"","src":"","width":0,"height":0},"classes":[]}],"_links":{"self":[{"href":"http:\/\/www.svu.edu.eg\/faculties\/agr\/wp-json\/wp\/v2\/pages\/4519"}],"collection":[{"href":"http:\/\/www.svu.edu.eg\/faculties\/agr\/wp-json\/wp\/v2\/pages"}],"about":[{"href":"http:\/\/www.svu.edu.eg\/faculties\/agr\/wp-json\/wp\/v2\/types\/page"}],"author":[{"embeddable":true,"href":"http:\/\/www.svu.edu.eg\/faculties\/agr\/wp-json\/wp\/v2\/users\/2"}],"replies":[{"embeddable":true,"href":"http:\/\/www.svu.edu.eg\/faculties\/agr\/wp-json\/wp\/v2\/comments?post=4519"}],"version-history":[{"count":1,"href":"http:\/\/www.svu.edu.eg\/faculties\/agr\/wp-json\/wp\/v2\/pages\/4519\/revisions"}],"predecessor-version":[{"id":4520,"href":"http:\/\/www.svu.edu.eg\/faculties\/agr\/wp-json\/wp\/v2\/pages\/4519\/revisions\/4520"}],"wp:attachment":[{"href":"http:\/\/www.svu.edu.eg\/faculties\/agr\/wp-json\/wp\/v2\/media?parent=4519"}],"curies":[{"name":"wp","href":"https:\/\/api.w.org\/{rel}","templated":true}]}}