{"id":2720,"date":"2022-02-04T09:45:50","date_gmt":"2022-02-04T09:45:50","guid":{"rendered":"http:\/\/www.svu.edu.eg\/faculties\/agr\/?page_id=2720"},"modified":"2022-02-04T19:14:32","modified_gmt":"2022-02-04T19:14:32","slug":"nouvelle-maitrise-en-protection-durable-des-recoltes","status":"publish","type":"page","link":"http:\/\/www.svu.edu.eg\/faculties\/agr\/fr\/nouvelle-maitrise-en-protection-durable-des-recoltes\/","title":{"rendered":"Nouvelle ma\u00eetrise en protection durable des r\u00e9coltes"},"content":{"rendered":"\n<figure class=\"wp-block-image\"><img decoding=\"async\" src=\"https:\/\/i0.wp.com\/www.svu.edu.eg\/faculties\/agr\/wp-content\/uploads\/2019\/12\/header-7.gif?w=720\" alt=\"\" data-recalc-dims=\"1\"\/><figcaption>  <br> Le programme est l&#8217;introduction de d\u00e9veloppement des \u00e9tudes sup\u00e9rieures dans l&#8217;enseignement agricole durable \u00e0 l&#8217;Universit\u00e9 du Sud de la vall\u00e9e et de facult\u00e9&nbsp; d\u2019Agriculture d&#8217;Universit\u00e9&nbsp; d\u2019Al-Zaqazeq, Mansoura, Ain Shams, Canal de Suez, Kafr Sheikh et Assiout en association avec les universit\u00e9s europ\u00e9ennes. <\/figcaption><\/figure>\n","protected":false},"excerpt":{"rendered":"","protected":false},"author":2,"featured_media":0,"parent":0,"menu_order":0,"comment_status":"closed","ping_status":"closed","template":"","meta":[],"jetpack_sharing_enabled":true,"jetpack-related-posts":[{"id":4579,"url":"http:\/\/www.svu.edu.eg\/faculties\/agr\/fr\/nouvelle-maitrise-en-protection-durable-des-recoltes\/objectifs-du-programme\/","url_meta":{"origin":2720,"position":0},"title":"Objectifs du programme","author":"omar","date":"\u0641\u0628\u0631\u0627\u064a\u0631 4, 2022","format":false,"excerpt":"D\u00e9velopper de l\u2019enseignement sup\u00e9rieur en proposant un nouveau master en protection durable des cultures en phase avec les nouveaux d\u00e9veloppements mondiaux, la demande sur le march\u00e9 du travail, et conform\u00e9ment \u00e0 la Convention de Bologne et aux normes internationales par les moyens suivants: 1- Proposer un nouveau programme de master\u2026","rel":"","context":"\u062a\u062f\u0648\u064a\u0646\u0629 \u0645\u0634\u0627\u0628\u0647\u0629","block_context":{"text":"\u062a\u062f\u0648\u064a\u0646\u0629 \u0645\u0634\u0627\u0628\u0647\u0629","link":""},"img":{"alt_text":"","src":"","width":0,"height":0},"classes":[]},{"id":4575,"url":"http:\/\/www.svu.edu.eg\/faculties\/agr\/fr\/nouvelle-maitrise-en-protection-durable-des-recoltes\/vision-du-programme\/","url_meta":{"origin":2720,"position":1},"title":"Vision du programme","author":"omar","date":"\u0641\u0628\u0631\u0627\u064a\u0631 4, 2022","format":false,"excerpt":"Excellence dans le domaine de la protection durable des plantes aux niveaux national, r\u00e9gional et international par l\u2019engagement \u00e0 la qualit\u00e9, le d\u00e9veloppement continu et la coop\u00e9ration constructive avec la communaut\u00e9 locale et les institutions et instituts scientifiques arabes et \u00e9trangers dans un cadre culturel, social et de valeur pour\u2026","rel":"","context":"\u062a\u062f\u0648\u064a\u0646\u0629 \u0645\u0634\u0627\u0628\u0647\u0629","block_context":{"text":"\u062a\u062f\u0648\u064a\u0646\u0629 \u0645\u0634\u0627\u0628\u0647\u0629","link":""},"img":{"alt_text":"","src":"","width":0,"height":0},"classes":[]},{"id":4577,"url":"http:\/\/www.svu.edu.eg\/faculties\/agr\/fr\/nouvelle-maitrise-en-protection-durable-des-recoltes\/mission-du-programme\/","url_meta":{"origin":2720,"position":2},"title":"Mission du programme","author":"omar","date":"\u0641\u0628\u0631\u0627\u064a\u0631 4, 2022","format":false,"excerpt":"Formation de grande qualit\u00e9 pour pr\u00e9parer les cadres et les chercheurs qualifi\u00e9s aux exigences du march\u00e9 du travail; d\u00e9velopper le secteur productif et de la recherche agricole et r\u00e9soudre les probl\u00e8mes li\u00e9s \u00e0 la protection durable des cultures \u00e0 la lumi\u00e8re du d\u00e9veloppement scientifique afin que la communication, le d\u00e9veloppement\u2026","rel":"","context":"\u062a\u062f\u0648\u064a\u0646\u0629 \u0645\u0634\u0627\u0628\u0647\u0629","block_context":{"text":"\u062a\u062f\u0648\u064a\u0646\u0629 \u0645\u0634\u0627\u0628\u0647\u0629","link":""},"img":{"alt_text":"","src":"","width":0,"height":0},"classes":[]},{"id":4388,"url":"http:\/\/www.svu.edu.eg\/faculties\/agr\/fr\/vision-et-mission-du-departement-de-protection-phytosanitaire\/","url_meta":{"origin":2720,"position":3},"title":"Vision et Mission du d\u00e9partement de protection phytosanitaire","author":"omar","date":"\u064a\u0646\u0627\u064a\u0631 29, 2022","format":false,"excerpt":"Vision du d\u00e9partement D\u00e9partement de la protection phytosanitaire cherche \u00e0 devenir un d\u00e9partement scientifique de premier plan et distingu\u00e9 dans le domaine de l\u2019\u00e9ducation, de la recherche scientifique, du service communautaire et de la protection de l\u2019environnement par les membres du corps professoral, les \u00e9tudiants des \u00e9tudes sup\u00e9rieures et dipl\u00f4m\u00e9s\u2026","rel":"","context":"\u062a\u062f\u0648\u064a\u0646\u0629 \u0645\u0634\u0627\u0628\u0647\u0629","block_context":{"text":"\u062a\u062f\u0648\u064a\u0646\u0629 \u0645\u0634\u0627\u0628\u0647\u0629","link":""},"img":{"alt_text":"","src":"","width":0,"height":0},"classes":[]},{"id":4563,"url":"http:\/\/www.svu.edu.eg\/faculties\/agr\/fr\/projet-de-developpement-du-systeme-devaluation-des-etudiants-et-des-examens\/objectifs-de-lunite\/","url_meta":{"origin":2720,"position":4},"title":"objectifs de l&#8217;Unit\u00e9","author":"omar","date":"\u0641\u0628\u0631\u0627\u064a\u0631 4, 2022","format":false,"excerpt":"1- \u00c9tablissement d\u2019une unit\u00e9 \u00e0 la facult\u00e9 qui g\u00e8re, suit et fournit un soutien technique pour l\u2019orthographie des \u00e9tudiants \u00e0 la facult\u00e9 en conformit\u00e9 avec les r\u00e9sultats du centre pour le d\u00e9veloppement des syst\u00e8mes de calendrier \u00e9tudiant et des examens \u00e0 l\u2019Universit\u00e9 du Sud de la Vall\u00e9e. 2- Pr\u00e9paration d\u2019un\u2026","rel":"","context":"\u062a\u062f\u0648\u064a\u0646\u0629 \u0645\u0634\u0627\u0628\u0647\u0629","block_context":{"text":"\u062a\u062f\u0648\u064a\u0646\u0629 \u0645\u0634\u0627\u0628\u0647\u0629","link":""},"img":{"alt_text":"","src":"","width":0,"height":0},"classes":[]},{"id":2717,"url":"http:\/\/www.svu.edu.eg\/faculties\/agr\/fr\/projet-de-developpement-du-systeme-devaluation-des-etudiants-et-des-examens\/","url_meta":{"origin":2720,"position":5},"title":"Projet de d\u00e9veloppement du syst\u00e8me d\u2019\u00e9valuation des \u00e9tudiants et des examens","author":"omar","date":"\u0641\u0628\u0631\u0627\u064a\u0631 4, 2022","format":false,"excerpt":"Dans le cadre des efforts de l\u2019universit\u00e9 pour mettre en \u0153uvre des r\u00e8glements de qualit\u00e9 en coop\u00e9ration avec les universit\u00e9s \u00e9gyptiennes, il est n\u00e9cessaire d\u2019\u00e9valuer les \u00e9tudiants au niveau de licence et de baccalaur\u00e9at afin d\u2019atteindre les r\u00e9sultats scientifiques visant \u00e0 qualifier les dipl\u00f4m\u00e9s au plus haut niveau pour r\u00e9pondre\u2026","rel":"","context":"\u062a\u062f\u0648\u064a\u0646\u0629 \u0645\u0634\u0627\u0628\u0647\u0629","block_context":{"text":"\u062a\u062f\u0648\u064a\u0646\u0629 \u0645\u0634\u0627\u0628\u0647\u0629","link":""},"img":{"alt_text":"","src":"","width":0,"height":0},"classes":[]}],"_links":{"self":[{"href":"http:\/\/www.svu.edu.eg\/faculties\/agr\/wp-json\/wp\/v2\/pages\/2720"}],"collection":[{"href":"http:\/\/www.svu.edu.eg\/faculties\/agr\/wp-json\/wp\/v2\/pages"}],"about":[{"href":"http:\/\/www.svu.edu.eg\/faculties\/agr\/wp-json\/wp\/v2\/types\/page"}],"author":[{"embeddable":true,"href":"http:\/\/www.svu.edu.eg\/faculties\/agr\/wp-json\/wp\/v2\/users\/2"}],"replies":[{"embeddable":true,"href":"http:\/\/www.svu.edu.eg\/faculties\/agr\/wp-json\/wp\/v2\/comments?post=2720"}],"version-history":[{"count":3,"href":"http:\/\/www.svu.edu.eg\/faculties\/agr\/wp-json\/wp\/v2\/pages\/2720\/revisions"}],"predecessor-version":[{"id":4574,"href":"http:\/\/www.svu.edu.eg\/faculties\/agr\/wp-json\/wp\/v2\/pages\/2720\/revisions\/4574"}],"wp:attachment":[{"href":"http:\/\/www.svu.edu.eg\/faculties\/agr\/wp-json\/wp\/v2\/media?parent=2720"}],"curies":[{"name":"wp","href":"https:\/\/api.w.org\/{rel}","templated":true}]}}